{"id":5565,"date":"2023-03-14T10:10:04","date_gmt":"2023-03-14T10:10:04","guid":{"rendered":"https:\/\/campingdewedze.nl\/ueber-uns\/"},"modified":"2024-04-22T09:22:40","modified_gmt":"2024-04-22T09:22:40","slug":"ueber-uns","status":"publish","type":"page","link":"https:\/\/campingdewedze.nl\/de\/ueber-uns\/","title":{"rendered":"\u00dcber uns"},"content":{"rendered":"\t\t<div data-elementor-type=\"wp-page\" data-elementor-id=\"5565\" class=\"elementor elementor-5565 elementor-41\" data-elementor-post-type=\"page\">\n\t\t\t\t\t\t<section class=\"elementor-section elementor-top-section elementor-element elementor-element-acd582b elementor-section-content-middle elementor-section-boxed elementor-section-height-default elementor-section-height-default\" data-id=\"acd582b\" data-element_type=\"section\" data-e-type=\"section\">\n\t\t\t\t\t\t\t<div class=\"elementor-background-overlay\"><\/div>\n\t\t\t\t\t\t\t<div class=\"elementor-container elementor-column-gap-default\">\n\t\t\t\t\t<div class=\"elementor-column elementor-col-50 elementor-top-column elementor-element elementor-element-d4ab528 elementor-hidden-tablet elementor-hidden-mobile\" data-id=\"d4ab528\" data-element_type=\"column\" data-e-type=\"column\">\n\t\t\t<div class=\"elementor-widget-wrap elementor-element-populated\">\n\t\t\t\t\t\t<div class=\"elementor-element elementor-element-93b0bbd elementor-invisible elementor-widget elementor-widget-image\" data-id=\"93b0bbd\" data-element_type=\"widget\" data-e-type=\"widget\" data-settings=\"{&quot;_animation&quot;:&quot;ova-move-down&quot;,&quot;_animation_tablet&quot;:&quot;none&quot;}\" data-widget_type=\"image.default\">\n\t\t\t\t<div class=\"elementor-widget-container\">\n\t\t\t\t\t\t\t\t\t\t\t\t\t\t\t<img fetchpriority=\"high\" decoding=\"async\" width=\"1000\" height=\"562\" src=\"https:\/\/campingdewedze.nl\/wp-content\/uploads\/2024\/01\/20240124-IV-Caravana-Leeuwarden.-6-scaled-1-1.webp\" class=\"attachment-full size-full wp-image-5428\" alt=\"\" srcset=\"https:\/\/campingdewedze.nl\/wp-content\/uploads\/2024\/01\/20240124-IV-Caravana-Leeuwarden.-6-scaled-1-1.webp 1000w, https:\/\/campingdewedze.nl\/wp-content\/uploads\/2024\/01\/20240124-IV-Caravana-Leeuwarden.-6-scaled-1-1-300x169.webp 300w, https:\/\/campingdewedze.nl\/wp-content\/uploads\/2024\/01\/20240124-IV-Caravana-Leeuwarden.-6-scaled-1-1-768x432.webp 768w, https:\/\/campingdewedze.nl\/wp-content\/uploads\/2024\/01\/20240124-IV-Caravana-Leeuwarden.-6-scaled-1-1-600x337.webp 600w\" sizes=\"(max-width: 1000px) 100vw, 1000px\" \/>\t\t\t\t\t\t\t\t\t\t\t\t\t\t\t<\/div>\n\t\t\t\t<\/div>\n\t\t\t\t\t<\/div>\n\t\t<\/div>\n\t\t\t\t<div class=\"elementor-column elementor-col-50 elementor-top-column elementor-element elementor-element-8f1e499 elementor-invisible\" data-id=\"8f1e499\" data-element_type=\"column\" data-e-type=\"column\" data-settings=\"{&quot;animation&quot;:&quot;ova-move-left&quot;,&quot;animation_tablet&quot;:&quot;none&quot;}\">\n\t\t\t<div class=\"elementor-widget-wrap elementor-element-populated\">\n\t\t\t\t\t\t<div class=\"elementor-element elementor-element-bc972d4 elementor-widget elementor-widget-vedhak_elementor_heading\" data-id=\"bc972d4\" data-element_type=\"widget\" data-e-type=\"widget\" data-widget_type=\"vedhak_elementor_heading.default\">\n\t\t\t\t<div class=\"elementor-widget-container\">\n\t\t\t\t\t\n\t\t\t<div class=\"ova-heading template1\">\n\n\t\t\t\t\n\t\t\t\t\t<h2 class=\"sub-title\">\n\n\t\t\t\t\t\t\n\t\t\t\t\t\t\n\t\t\t\t\t\t\u00dcber uns\n\t\t\t\t\t<\/h2>\n\n\t\t\t\t\n\t\t\t\t\n\t\t\t\t\t\n\t\t\t\t\t\t<h3 class=\"title\"><span class=\"title-bold\">Camping De Wedze in den Fryske Walden  <\/span><span class=\"title-normal\"><\/span><\/h3>\n\n\t\t\t\t\t\n\n\t\t\t\t\t\t\t\t\t\n\t\t\t\t\n\t\t\t\t\n\t\t\t\t\t\t\t\t\t\t\t<p class=\"description\">Der Campingplatz De Wedze liegt in einem einzigartigen Teil von Friesland. Versteckt in der Kulissenlandschaft des &quot;Friesischen Waldes&quot; ist es ein ideales Ziel f\u00fcr Ruhesuchende. Ein Urlaub auf diesem Campingplatz steht ganz im Zeichen der Natur und bietet zahlreiche sportliche Herausforderungen f\u00fcr Aktivurlauber. Mieten Sie sich ein Fahrrad und erkunden Sie die friesische Landschaft oder entspannen Sie sich auf dem idyllischen Gel\u00e4nde mit einem guten Buch und einem sch\u00f6nen Getr\u00e4nk.\nEntfliehen Sie den Menschenmassen und genie\u00dfen Sie die ungezwungene Atmosph\u00e4re, die unser Campingplatz zu bieten hat. Ganz gleich, ob Sie sich f\u00fcr ein Zelt, einen Wohnwagen oder ein Wohnmobil entscheiden, wir werden daf\u00fcr sorgen, dass Ihr Aufenthalt bei uns unvergesslich wird.<\/p>\n\t\t\t\t\t\n\t\t\t\t\n\t\t\t<\/div>\n\n\t\t\t\t\t\t<\/div>\n\t\t\t\t<\/div>\n\t\t\t\t\t<\/div>\n\t\t<\/div>\n\t\t\t\t\t<\/div>\n\t\t<\/section>\n\t\t<div class=\"elementor-element elementor-element-c3fc41a e-con-full e-flex e-con e-parent\" data-id=\"c3fc41a\" data-element_type=\"container\" data-e-type=\"container\">\n\t\t\t\t<div class=\"elementor-element elementor-element-5209d4b elementor-widget elementor-widget-vedhak_elementor_gallery_slide\" data-id=\"5209d4b\" data-element_type=\"widget\" data-e-type=\"widget\" data-settings=\"{&quot;pause_on_hover&quot;:&quot;yes&quot;,&quot;infinite&quot;:&quot;yes&quot;,&quot;autoplay&quot;:&quot;yes&quot;}\" data-widget_type=\"vedhak_elementor_gallery_slide.default\">\n\t\t\t\t<div class=\"elementor-widget-container\">\n\t\t\t\t\t\n\t\t \t<div class=\"ova-gallery-slide template1\">\n\n\t\t\t\t<div class=\"gallery-slide-carousel owl-carousel owl-theme\" data-options=\"{&quot;items&quot;:3,&quot;slideBy&quot;:1,&quot;margin&quot;:30,&quot;stagePadding&quot;:0,&quot;autoplayHoverPause&quot;:true,&quot;loop&quot;:true,&quot;autoplay&quot;:true,&quot;autoplayTimeout&quot;:3000,&quot;smartSpeed&quot;:500,&quot;dots&quot;:false,&quot;rtl&quot;:false}\">\n\t\t\t\t\t\n\t                        \n\t\t\t\t\t\t\t\t<div class=\"gallery-slide-img\">\n\n\t\t\t\t\t\t\t\t\t<img decoding=\"async\" src=\"https:\/\/campingdewedze.nl\/wp-content\/uploads\/2024\/01\/Camping-De-Wedze-05_2023_Low-Res_0028.webp\" alt=\"\">\n                                    \n                                                                        \t<div data-fancybox=\"accommodation-gallery-slide\" data-src=\"https:\/\/campingdewedze.nl\/wp-content\/uploads\/2024\/01\/Camping-De-Wedze-05_2023_Low-Res_0028.webp\"\n\t\t\t\t\t\t\t\t\t\t\tdata-caption=\"\"\n\t\t\t\t\t\t\t\t\t\t>\n\t\t\t\t\t\t\t\t\t\t\t<div class=\"view-detail\">\n\t\t\t\t\t\t\t\t\t\t\t\t<i aria-hidden=\"true\" class=\"ovaicon ovaicon-next-4\"><\/i>\n\t\t\t\t\t\t\t\t\t\t\t<\/div>\n\t\t\t\t\t\t\t\t\t\t<\/div>\n\t\t\t\t\t\t\t\t\t\n\t\t\t\t\t\t\t\t\t<div class=\"info\">\n\t\t\t\t\t\t\t\t\t\t\n\t\t\t\t\t\t\t\t\t\t\n\t\t\t\t\t\t\t\t\t\t\t\t\t\t\t\t\t\t\t\t\t\t\t\t\t\t\t\t\t\t\t\t\t\t\t\t\t\t\t\t<\/div>\n\n\t\t\t\t\t\t\t\t<\/div>\n\t\t\t\t\t\t\t\t\n\t\t\t\t\t\t\t\n\t\t\t\t\t\n\t                        \n\t\t\t\t\t\t\t\t<div class=\"gallery-slide-img\">\n\n\t\t\t\t\t\t\t\t\t<img decoding=\"async\" src=\"https:\/\/campingdewedze.nl\/wp-content\/uploads\/2024\/03\/IMG-2475-scaled.jpg\" alt=\"\">\n                                    \n                                                                        \t<div data-fancybox=\"accommodation-gallery-slide\" data-src=\"https:\/\/campingdewedze.nl\/wp-content\/uploads\/2024\/03\/IMG-2475-scaled.jpg\"\n\t\t\t\t\t\t\t\t\t\t\tdata-caption=\"\"\n\t\t\t\t\t\t\t\t\t\t>\n\t\t\t\t\t\t\t\t\t\t\t<div class=\"view-detail\">\n\t\t\t\t\t\t\t\t\t\t\t\t<i aria-hidden=\"true\" class=\"ovaicon ovaicon-next-4\"><\/i>\n\t\t\t\t\t\t\t\t\t\t\t<\/div>\n\t\t\t\t\t\t\t\t\t\t<\/div>\n\t\t\t\t\t\t\t\t\t\n\t\t\t\t\t\t\t\t\t<div class=\"info\">\n\t\t\t\t\t\t\t\t\t\t\n\t\t\t\t\t\t\t\t\t\t\n\t\t\t\t\t\t\t\t\t\t\t\t\t\t\t\t\t\t\t\t\t\t\t\t\t\t\t\t\t\t\t\t\t\t\t\t\t\t\t\t<\/div>\n\n\t\t\t\t\t\t\t\t<\/div>\n\t\t\t\t\t\t\t\t\n\t\t\t\t\t\t\t\n\t\t\t\t\t\n\t                        \n\t\t\t\t\t\t\t\t<div class=\"gallery-slide-img\">\n\n\t\t\t\t\t\t\t\t\t<img decoding=\"async\" src=\"https:\/\/campingdewedze.nl\/wp-content\/uploads\/2024\/02\/Camping-De-Wedze-05_2023_Low-Res_0035.webp\" alt=\"\">\n                                    \n                                                                        \t<div data-fancybox=\"accommodation-gallery-slide\" data-src=\"https:\/\/campingdewedze.nl\/wp-content\/uploads\/2024\/02\/Camping-De-Wedze-05_2023_Low-Res_0035.webp\"\n\t\t\t\t\t\t\t\t\t\t\tdata-caption=\"\"\n\t\t\t\t\t\t\t\t\t\t>\n\t\t\t\t\t\t\t\t\t\t\t<div class=\"view-detail\">\n\t\t\t\t\t\t\t\t\t\t\t\t<i aria-hidden=\"true\" class=\"ovaicon ovaicon-next-4\"><\/i>\n\t\t\t\t\t\t\t\t\t\t\t<\/div>\n\t\t\t\t\t\t\t\t\t\t<\/div>\n\t\t\t\t\t\t\t\t\t\n\t\t\t\t\t\t\t\t\t<div class=\"info\">\n\t\t\t\t\t\t\t\t\t\t\n\t\t\t\t\t\t\t\t\t\t\n\t\t\t\t\t\t\t\t\t\t\t\t\t\t\t\t\t\t\t\t\t\t\t\t\t\t\t\t\t\t\t\t\t\t\t\t\t\t\t\t<\/div>\n\n\t\t\t\t\t\t\t\t<\/div>\n\t\t\t\t\t\t\t\t\n\t\t\t\t\t\t\t\n\t\t\t\t\t\n\t                        \n\t\t\t\t\t\t\t\t<div class=\"gallery-slide-img\">\n\n\t\t\t\t\t\t\t\t\t<img decoding=\"async\" src=\"https:\/\/campingdewedze.nl\/wp-content\/uploads\/2024\/02\/Camping-De-Wedze-05_2023_Low-Res_0045.webp\" alt=\"\">\n                                    \n                                                                        \t<div data-fancybox=\"accommodation-gallery-slide\" data-src=\"https:\/\/campingdewedze.nl\/wp-content\/uploads\/2024\/02\/Camping-De-Wedze-05_2023_Low-Res_0045.webp\"\n\t\t\t\t\t\t\t\t\t\t\tdata-caption=\"\"\n\t\t\t\t\t\t\t\t\t\t>\n\t\t\t\t\t\t\t\t\t\t\t<div class=\"view-detail\">\n\t\t\t\t\t\t\t\t\t\t\t\t<i aria-hidden=\"true\" class=\"ovaicon ovaicon-next-4\"><\/i>\n\t\t\t\t\t\t\t\t\t\t\t<\/div>\n\t\t\t\t\t\t\t\t\t\t<\/div>\n\t\t\t\t\t\t\t\t\t\n\t\t\t\t\t\t\t\t\t<div class=\"info\">\n\t\t\t\t\t\t\t\t\t\t\n\t\t\t\t\t\t\t\t\t\t\n\t\t\t\t\t\t\t\t\t\t\t\t\t\t\t\t\t\t\t\t\t\t\t\t\t\t\t\t\t\t\t\t\t\t\t\t\t\t\t\t<\/div>\n\n\t\t\t\t\t\t\t\t<\/div>\n\t\t\t\t\t\t\t\t\n\t\t\t\t\t\t\t\n\t\t\t\t\t\n\t                        \n\t\t\t\t\t\t\t\t<div class=\"gallery-slide-img\">\n\n\t\t\t\t\t\t\t\t\t<img decoding=\"async\" src=\"https:\/\/campingdewedze.nl\/wp-content\/uploads\/2024\/03\/IMG_1011-scaled.jpg\" alt=\"\">\n                                    \n                                                                        \t<div data-fancybox=\"accommodation-gallery-slide\" data-src=\"https:\/\/campingdewedze.nl\/wp-content\/uploads\/2024\/03\/IMG_1011-scaled.jpg\"\n\t\t\t\t\t\t\t\t\t\t\tdata-caption=\"\"\n\t\t\t\t\t\t\t\t\t\t>\n\t\t\t\t\t\t\t\t\t\t\t<div class=\"view-detail\">\n\t\t\t\t\t\t\t\t\t\t\t\t<i aria-hidden=\"true\" class=\"ovaicon ovaicon-next-4\"><\/i>\n\t\t\t\t\t\t\t\t\t\t\t<\/div>\n\t\t\t\t\t\t\t\t\t\t<\/div>\n\t\t\t\t\t\t\t\t\t\n\t\t\t\t\t\t\t\t\t<div class=\"info\">\n\t\t\t\t\t\t\t\t\t\t\n\t\t\t\t\t\t\t\t\t\t\n\t\t\t\t\t\t\t\t\t\t\t\t\t\t\t\t\t\t\t\t\t\t\t\t\t\t\t\t\t\t\t\t\t\t\t\t\t\t\t\t<\/div>\n\n\t\t\t\t\t\t\t\t<\/div>\n\t\t\t\t\t\t\t\t\n\t\t\t\t\t\t\t\n\t\t\t\t\t\n\t                        \n\t\t\t\t\t\t\t\t<div class=\"gallery-slide-img\">\n\n\t\t\t\t\t\t\t\t\t<img decoding=\"async\" src=\"https:\/\/campingdewedze.nl\/wp-content\/uploads\/2024\/03\/IMG_3368-1-scaled.jpg\" alt=\"\">\n                                    \n                                                                        \t<div data-fancybox=\"accommodation-gallery-slide\" data-src=\"https:\/\/campingdewedze.nl\/wp-content\/uploads\/2024\/03\/IMG_3368-1-scaled.jpg\"\n\t\t\t\t\t\t\t\t\t\t\tdata-caption=\"\"\n\t\t\t\t\t\t\t\t\t\t>\n\t\t\t\t\t\t\t\t\t\t\t<div class=\"view-detail\">\n\t\t\t\t\t\t\t\t\t\t\t\t<i aria-hidden=\"true\" class=\"ovaicon ovaicon-next-4\"><\/i>\n\t\t\t\t\t\t\t\t\t\t\t<\/div>\n\t\t\t\t\t\t\t\t\t\t<\/div>\n\t\t\t\t\t\t\t\t\t\n\t\t\t\t\t\t\t\t\t<div class=\"info\">\n\t\t\t\t\t\t\t\t\t\t\n\t\t\t\t\t\t\t\t\t\t\n\t\t\t\t\t\t\t\t\t\t\t\t\t\t\t\t\t\t\t\t\t\t\t\t\t\t\t\t\t\t\t\t\t\t\t\t\t\t\t\t<\/div>\n\n\t\t\t\t\t\t\t\t<\/div>\n\t\t\t\t\t\t\t\t\n\t\t\t\t\t\t\t\n\t\t\t\t\t\n\t\t\t\t<\/div>\n\n\t\t\t<\/div>\n\n\t\t\t\t\t\t<\/div>\n\t\t\t\t<\/div>\n\t\t\t\t<\/div>\n\t\t<div class=\"elementor-element elementor-element-66b5edd e-flex e-con-boxed e-con e-parent\" data-id=\"66b5edd\" data-element_type=\"container\" data-e-type=\"container\">\n\t\t\t\t\t<div class=\"e-con-inner\">\n\t\t<div class=\"elementor-element elementor-element-48af55b e-flex e-con-boxed e-con e-child\" data-id=\"48af55b\" data-element_type=\"container\" data-e-type=\"container\">\n\t\t\t\t\t<div class=\"e-con-inner\">\n\t\t<div class=\"elementor-element elementor-element-96e598e e-con-full e-flex e-con e-child\" data-id=\"96e598e\" data-element_type=\"container\" data-e-type=\"container\">\n\t\t\t\t<div class=\"elementor-element elementor-element-3e8f0ab elementor-invisible elementor-widget elementor-widget-vedhak_elementor_heading\" data-id=\"3e8f0ab\" data-element_type=\"widget\" data-e-type=\"widget\" data-settings=\"{&quot;_animation&quot;:&quot;ova-move-right&quot;,&quot;_animation_tablet&quot;:&quot;none&quot;}\" data-widget_type=\"vedhak_elementor_heading.default\">\n\t\t\t\t<div class=\"elementor-widget-container\">\n\t\t\t\t\t\n\t\t\t<div class=\"ova-heading template1\">\n\n\t\t\t\t\n\t\t\t\t\n\t\t\t\t\t\n\t\t\t\t\t\t<h3 class=\"title\"><span class=\"title-bold\">Camping auf dem Campingplatz De Wedze<\/span><span class=\"title-normal\"><\/span><\/h3>\n\n\t\t\t\t\t\n\n\t\t\t\t\t\t\t\t\t\n\t\t\t\t\n\t\t\t\t\n\t\t\t\t\t\n\t\t\t\t\n\t\t\t<\/div>\n\n\t\t\t\t\t\t<\/div>\n\t\t\t\t<\/div>\n\t\t\t\t<div class=\"elementor-element elementor-element-8939080 elementor-widget elementor-widget-text-editor\" data-id=\"8939080\" data-element_type=\"widget\" data-e-type=\"widget\" data-widget_type=\"text-editor.default\">\n\t\t\t\t<div class=\"elementor-widget-container\">\n\t\t\t\t\t\t\t\t\t<p class=\"p1\"><span class=\"s1\">Auf unserem Campingplatz k\u00f6nnen Sie bei Ihrer Ankunft <b>Ihren eigenen Stellplatz w\u00e4hlen<\/b>.  <\/span><span class=\"s2\">Ob Sie eine gesch\u00fctzte Ecke unter den B\u00e4umen bevorzugen, <\/span><span class=\"s3\">einen Blick <\/span><span class=\"s4\">auf einen Kirchturm aus dem 13. Jahrhundert in einer charakteristischen Heckenlandschaft <\/span><span class=\"s2\">Jahrhundert in einer charakteristischen Heckenlandschaft, oder ob Sie lieber in der N\u00e4he der Einrichtungen wohnen m\u00f6chten, es ist f\u00fcr jeden etwas dabei.<\/span><\/p>\n\t\t\t\t\t\t\t\t<\/div>\n\t\t\t\t<\/div>\n\t\t\t\t<\/div>\n\t\t<div class=\"elementor-element elementor-element-ef800b1 e-flex e-con-boxed e-con e-child\" data-id=\"ef800b1\" data-element_type=\"container\" data-e-type=\"container\">\n\t\t\t\t\t<div class=\"e-con-inner\">\n\t\t\t\t<div class=\"elementor-element elementor-element-65d13d8 elementor-invisible elementor-widget elementor-widget-vedhak_elementor_heading\" data-id=\"65d13d8\" data-element_type=\"widget\" data-e-type=\"widget\" data-settings=\"{&quot;_animation&quot;:&quot;ova-move-right&quot;,&quot;_animation_tablet&quot;:&quot;none&quot;}\" data-widget_type=\"vedhak_elementor_heading.default\">\n\t\t\t\t<div class=\"elementor-widget-container\">\n\t\t\t\t\t\n\t\t\t<div class=\"ova-heading template1\">\n\n\t\t\t\t\n\t\t\t\t\n\t\t\t\t\t\n\t\t\t\t\t\t<h3 class=\"title\"><span class=\"title-bold\">Wo die N\u00e4chte noch richtig dunkel sind ...<\/span><span class=\"title-normal\"><\/span><\/h3>\n\n\t\t\t\t\t\n\n\t\t\t\t\t\t\t\t\t\n\t\t\t\t\n\t\t\t\t\n\t\t\t\t\t\n\t\t\t\t\n\t\t\t<\/div>\n\n\t\t\t\t\t\t<\/div>\n\t\t\t\t<\/div>\n\t\t\t\t<div class=\"elementor-element elementor-element-acaef25 elementor-widget elementor-widget-text-editor\" data-id=\"acaef25\" data-element_type=\"widget\" data-e-type=\"widget\" data-widget_type=\"text-editor.default\">\n\t\t\t\t<div class=\"elementor-widget-container\">\n\t\t\t\t\t\t\t\t\t<p class=\"p1\">Die N\u00e4chte auf diesem idyllischen Minicampingplatz sind stockdunkel, so dass Sie den <b>weiten Sternenhimmel<\/b> bewundern k\u00f6nnen. Wenn es in den Ferien einmal regnet, nutzen Sie den gemeinsamen Aufenthaltsraum. Hier sitzen Sie gem\u00fctlich trocken und unterhalten sich mit einem Brettspiel, einer Zeitschrift oder einem Fernsehabend.<\/p>\n<p class=\"p1\">Sie k\u00f6nnen ein Buch aus dem B\u00fccherregal nehmen, und auf dem Tisch finden Sie viele Informationen \u00fcber die Gegend. Planen Sie an einem verregneten Nachmittag eine Radtour, wenn es aufklart, oder erfahren Sie mehr \u00fcber die Flora und Fauna dieser fantastischen Provinz.<\/p>\n\t\t\t\t\t\t\t\t<\/div>\n\t\t\t\t<\/div>\n\t\t\t\t\t<\/div>\n\t\t\t\t<\/div>\n\t\t\t\t\t<\/div>\n\t\t\t\t<\/div>\n\t\t\t\t\t<\/div>\n\t\t\t\t<\/div>\n\t\t\t\t<section class=\"elementor-section elementor-top-section elementor-element elementor-element-86e0672 elementor-section-content-middle elementor-section-height-min-height elementor-section-boxed elementor-section-height-default elementor-section-items-middle\" data-id=\"86e0672\" data-element_type=\"section\" data-e-type=\"section\" data-settings=\"{&quot;background_background&quot;:&quot;video&quot;,&quot;background_video_link&quot;:&quot;https:\\\/\\\/youtu.be\\\/LuqsIGaWR_w&quot;,&quot;background_play_on_mobile&quot;:&quot;yes&quot;}\">\n\t\t\t\t\t\t\t\t<div class=\"elementor-background-video-container\">\n\t\t\t\t\t\t\t\t\t\t\t\t\t<div class=\"elementor-background-video-embed\" role=\"presentation\"><\/div>\n\t\t\t\t\t\t\t\t\t\t\t\t<\/div>\n\t\t\t\t\t\t\t\t\t<div class=\"elementor-background-overlay\"><\/div>\n\t\t\t\t\t\t\t<div class=\"elementor-container elementor-column-gap-no\">\n\t\t\t\t\t<div class=\"elementor-column elementor-col-100 elementor-top-column elementor-element elementor-element-d91697c\" data-id=\"d91697c\" data-element_type=\"column\" data-e-type=\"column\">\n\t\t\t<div class=\"elementor-widget-wrap\">\n\t\t\t\t\t\t\t<\/div>\n\t\t<\/div>\n\t\t\t\t\t<\/div>\n\t\t<\/section>\n\t\t\t\t<\/div>\n\t\t","protected":false},"excerpt":{"rendered":"<p>\u00dcber uns Camping De Wedze in den Fryske Walden Der Campingplatz De Wedze liegt in einem einzigartigen Teil von Friesland. Versteckt in der Kulissenlandschaft des &quot;Friesischen Waldes&quot; ist es ein ideales Ziel f\u00fcr Ruhesuchende. Ein Urlaub auf diesem Campingplatz steht ganz im Zeichen der Natur und bietet zahlreiche sportliche Herausforderungen f\u00fcr Aktivurlauber. Mieten Sie sich [&hellip;]<\/p>\n","protected":false},"author":1,"featured_media":5506,"parent":0,"menu_order":0,"comment_status":"closed","ping_status":"closed","template":"elementor_header_footer","meta":{"footnotes":""},"class_list":["post-5565","page","type-page","status-publish","has-post-thumbnail","hentry"],"yoast_head":"<!-- This site is optimized with the Yoast SEO plugin v27.1.1 - https:\/\/yoast.com\/product\/yoast-seo-wordpress\/ -->\n<title>\u00dcber uns - Camping De Wedze<\/title>\n<meta name=\"robots\" content=\"index, follow, max-snippet:-1, max-image-preview:large, max-video-preview:-1\" \/>\n<link rel=\"canonical\" href=\"https:\/\/campingdewedze.nl\/over-ons\/\" \/>\n<meta property=\"og:locale\" content=\"de_DE\" \/>\n<meta property=\"og:type\" content=\"article\" \/>\n<meta property=\"og:title\" content=\"\u00dcber uns - Camping De Wedze\" \/>\n<meta property=\"og:description\" content=\"\u00dcber uns Camping De Wedze in den Fryske Walden Der Campingplatz De Wedze liegt in einem einzigartigen Teil von Friesland. Versteckt in der Kulissenlandschaft des &quot;Friesischen Waldes&quot; ist es ein ideales Ziel f\u00fcr Ruhesuchende. Ein Urlaub auf diesem Campingplatz steht ganz im Zeichen der Natur und bietet zahlreiche sportliche Herausforderungen f\u00fcr Aktivurlauber. Mieten Sie sich [&hellip;]\" \/>\n<meta property=\"og:url\" content=\"https:\/\/campingdewedze.nl\/over-ons\/\" \/>\n<meta property=\"og:site_name\" content=\"Camping De Wedze\" \/>\n<meta property=\"article:publisher\" content=\"https:\/\/www.facebook.com\/campingdewedze\" \/>\n<meta property=\"article:modified_time\" content=\"2024-04-22T09:22:40+00:00\" \/>\n<meta property=\"og:image\" content=\"https:\/\/campingdewedze.nl\/wp-content\/uploads\/2024\/02\/Camping-De-Wedze-05_2023_Low-Res_0057.webp\" \/>\n\t<meta property=\"og:image:width\" content=\"2000\" \/>\n\t<meta property=\"og:image:height\" content=\"1124\" \/>\n\t<meta property=\"og:image:type\" content=\"image\/webp\" \/>\n<meta name=\"twitter:card\" content=\"summary_large_image\" \/>\n<meta name=\"twitter:label1\" content=\"Gesch\u00e4tzte Lesezeit\" \/>\n\t<meta name=\"twitter:data1\" content=\"1\u00a0Minute\" \/>\n<script type=\"application\/ld+json\" class=\"yoast-schema-graph\">{\"@context\":\"https:\/\/schema.org\",\"@graph\":[{\"@type\":\"WebPage\",\"@id\":\"https:\/\/campingdewedze.nl\/over-ons\/\",\"url\":\"https:\/\/campingdewedze.nl\/over-ons\/\",\"name\":\"\u00dcber uns - Camping De Wedze\",\"isPartOf\":{\"@id\":\"https:\/\/campingdewedze.nl\/de\/#website\"},\"primaryImageOfPage\":{\"@id\":\"https:\/\/campingdewedze.nl\/over-ons\/#primaryimage\"},\"image\":{\"@id\":\"https:\/\/campingdewedze.nl\/over-ons\/#primaryimage\"},\"thumbnailUrl\":\"https:\/\/campingdewedze.nl\/wp-content\/uploads\/2024\/02\/Camping-De-Wedze-05_2023_Low-Res_0057.webp\",\"datePublished\":\"2023-03-14T10:10:04+00:00\",\"dateModified\":\"2024-04-22T09:22:40+00:00\",\"breadcrumb\":{\"@id\":\"https:\/\/campingdewedze.nl\/over-ons\/#breadcrumb\"},\"inLanguage\":\"de\",\"potentialAction\":[{\"@type\":\"ReadAction\",\"target\":[\"https:\/\/campingdewedze.nl\/over-ons\/\"]}]},{\"@type\":\"ImageObject\",\"inLanguage\":\"de\",\"@id\":\"https:\/\/campingdewedze.nl\/over-ons\/#primaryimage\",\"url\":\"https:\/\/campingdewedze.nl\/wp-content\/uploads\/2024\/02\/Camping-De-Wedze-05_2023_Low-Res_0057.webp\",\"contentUrl\":\"https:\/\/campingdewedze.nl\/wp-content\/uploads\/2024\/02\/Camping-De-Wedze-05_2023_Low-Res_0057.webp\",\"width\":2000,\"height\":1124},{\"@type\":\"BreadcrumbList\",\"@id\":\"https:\/\/campingdewedze.nl\/over-ons\/#breadcrumb\",\"itemListElement\":[{\"@type\":\"ListItem\",\"position\":1,\"name\":\"Home\",\"item\":\"https:\/\/campingdewedze.nl\/de\/startseite\/\"},{\"@type\":\"ListItem\",\"position\":2,\"name\":\"\u00dcber uns\"}]},{\"@type\":\"WebSite\",\"@id\":\"https:\/\/campingdewedze.nl\/de\/#website\",\"url\":\"https:\/\/campingdewedze.nl\/de\/\",\"name\":\"Camping De Wedze\",\"description\":\"In een uniek stukje Friesland\",\"publisher\":{\"@id\":\"https:\/\/campingdewedze.nl\/de\/#organization\"},\"potentialAction\":[{\"@type\":\"SearchAction\",\"target\":{\"@type\":\"EntryPoint\",\"urlTemplate\":\"https:\/\/campingdewedze.nl\/de\/?s={search_term_string}\"},\"query-input\":{\"@type\":\"PropertyValueSpecification\",\"valueRequired\":true,\"valueName\":\"search_term_string\"}}],\"inLanguage\":\"de\"},{\"@type\":\"Organization\",\"@id\":\"https:\/\/campingdewedze.nl\/de\/#organization\",\"name\":\"Camping De Wedze\",\"url\":\"https:\/\/campingdewedze.nl\/de\/\",\"logo\":{\"@type\":\"ImageObject\",\"inLanguage\":\"de\",\"@id\":\"https:\/\/campingdewedze.nl\/de\/#\/schema\/logo\/image\/\",\"url\":\"https:\/\/campingdewedze.nl\/wp-content\/uploads\/2023\/03\/Logo-Camping-de-Wedze.webp\",\"contentUrl\":\"https:\/\/campingdewedze.nl\/wp-content\/uploads\/2023\/03\/Logo-Camping-de-Wedze.webp\",\"width\":400,\"height\":298,\"caption\":\"Camping De Wedze\"},\"image\":{\"@id\":\"https:\/\/campingdewedze.nl\/de\/#\/schema\/logo\/image\/\"},\"sameAs\":[\"https:\/\/www.facebook.com\/campingdewedze\"]}]}<\/script>\n<!-- \/ Yoast SEO plugin. -->","yoast_head_json":{"title":"\u00dcber uns - Camping De Wedze","robots":{"index":"index","follow":"follow","max-snippet":"max-snippet:-1","max-image-preview":"max-image-preview:large","max-video-preview":"max-video-preview:-1"},"canonical":"https:\/\/campingdewedze.nl\/over-ons\/","og_locale":"de_DE","og_type":"article","og_title":"\u00dcber uns - Camping De Wedze","og_description":"\u00dcber uns Camping De Wedze in den Fryske Walden Der Campingplatz De Wedze liegt in einem einzigartigen Teil von Friesland. Versteckt in der Kulissenlandschaft des &quot;Friesischen Waldes&quot; ist es ein ideales Ziel f\u00fcr Ruhesuchende. Ein Urlaub auf diesem Campingplatz steht ganz im Zeichen der Natur und bietet zahlreiche sportliche Herausforderungen f\u00fcr Aktivurlauber. Mieten Sie sich [&hellip;]","og_url":"https:\/\/campingdewedze.nl\/over-ons\/","og_site_name":"Camping De Wedze","article_publisher":"https:\/\/www.facebook.com\/campingdewedze","article_modified_time":"2024-04-22T09:22:40+00:00","og_image":[{"width":2000,"height":1124,"url":"https:\/\/campingdewedze.nl\/wp-content\/uploads\/2024\/02\/Camping-De-Wedze-05_2023_Low-Res_0057.webp","type":"image\/webp"}],"twitter_card":"summary_large_image","twitter_misc":{"Gesch\u00e4tzte Lesezeit":"1\u00a0Minute"},"schema":{"@context":"https:\/\/schema.org","@graph":[{"@type":"WebPage","@id":"https:\/\/campingdewedze.nl\/over-ons\/","url":"https:\/\/campingdewedze.nl\/over-ons\/","name":"\u00dcber uns - Camping De Wedze","isPartOf":{"@id":"https:\/\/campingdewedze.nl\/de\/#website"},"primaryImageOfPage":{"@id":"https:\/\/campingdewedze.nl\/over-ons\/#primaryimage"},"image":{"@id":"https:\/\/campingdewedze.nl\/over-ons\/#primaryimage"},"thumbnailUrl":"https:\/\/campingdewedze.nl\/wp-content\/uploads\/2024\/02\/Camping-De-Wedze-05_2023_Low-Res_0057.webp","datePublished":"2023-03-14T10:10:04+00:00","dateModified":"2024-04-22T09:22:40+00:00","breadcrumb":{"@id":"https:\/\/campingdewedze.nl\/over-ons\/#breadcrumb"},"inLanguage":"de","potentialAction":[{"@type":"ReadAction","target":["https:\/\/campingdewedze.nl\/over-ons\/"]}]},{"@type":"ImageObject","inLanguage":"de","@id":"https:\/\/campingdewedze.nl\/over-ons\/#primaryimage","url":"https:\/\/campingdewedze.nl\/wp-content\/uploads\/2024\/02\/Camping-De-Wedze-05_2023_Low-Res_0057.webp","contentUrl":"https:\/\/campingdewedze.nl\/wp-content\/uploads\/2024\/02\/Camping-De-Wedze-05_2023_Low-Res_0057.webp","width":2000,"height":1124},{"@type":"BreadcrumbList","@id":"https:\/\/campingdewedze.nl\/over-ons\/#breadcrumb","itemListElement":[{"@type":"ListItem","position":1,"name":"Home","item":"https:\/\/campingdewedze.nl\/de\/startseite\/"},{"@type":"ListItem","position":2,"name":"\u00dcber uns"}]},{"@type":"WebSite","@id":"https:\/\/campingdewedze.nl\/de\/#website","url":"https:\/\/campingdewedze.nl\/de\/","name":"Camping De Wedze","description":"In een uniek stukje Friesland","publisher":{"@id":"https:\/\/campingdewedze.nl\/de\/#organization"},"potentialAction":[{"@type":"SearchAction","target":{"@type":"EntryPoint","urlTemplate":"https:\/\/campingdewedze.nl\/de\/?s={search_term_string}"},"query-input":{"@type":"PropertyValueSpecification","valueRequired":true,"valueName":"search_term_string"}}],"inLanguage":"de"},{"@type":"Organization","@id":"https:\/\/campingdewedze.nl\/de\/#organization","name":"Camping De Wedze","url":"https:\/\/campingdewedze.nl\/de\/","logo":{"@type":"ImageObject","inLanguage":"de","@id":"https:\/\/campingdewedze.nl\/de\/#\/schema\/logo\/image\/","url":"https:\/\/campingdewedze.nl\/wp-content\/uploads\/2023\/03\/Logo-Camping-de-Wedze.webp","contentUrl":"https:\/\/campingdewedze.nl\/wp-content\/uploads\/2023\/03\/Logo-Camping-de-Wedze.webp","width":400,"height":298,"caption":"Camping De Wedze"},"image":{"@id":"https:\/\/campingdewedze.nl\/de\/#\/schema\/logo\/image\/"},"sameAs":["https:\/\/www.facebook.com\/campingdewedze"]}]}},"_links":{"self":[{"href":"https:\/\/campingdewedze.nl\/de\/wp-json\/wp\/v2\/pages\/5565","targetHints":{"allow":["GET"]}}],"collection":[{"href":"https:\/\/campingdewedze.nl\/de\/wp-json\/wp\/v2\/pages"}],"about":[{"href":"https:\/\/campingdewedze.nl\/de\/wp-json\/wp\/v2\/types\/page"}],"author":[{"embeddable":true,"href":"https:\/\/campingdewedze.nl\/de\/wp-json\/wp\/v2\/users\/1"}],"replies":[{"embeddable":true,"href":"https:\/\/campingdewedze.nl\/de\/wp-json\/wp\/v2\/comments?post=5565"}],"version-history":[{"count":0,"href":"https:\/\/campingdewedze.nl\/de\/wp-json\/wp\/v2\/pages\/5565\/revisions"}],"wp:featuredmedia":[{"embeddable":true,"href":"https:\/\/campingdewedze.nl\/de\/wp-json\/wp\/v2\/media\/5506"}],"wp:attachment":[{"href":"https:\/\/campingdewedze.nl\/de\/wp-json\/wp\/v2\/media?parent=5565"}],"curies":[{"name":"wp","href":"https:\/\/api.w.org\/{rel}","templated":true}]}}